{"id":2121,"date":"2015-09-11T07:25:15","date_gmt":"2015-09-11T05:25:15","guid":{"rendered":"http:\/\/www.rg16.at\/?page_id=2121"},"modified":"2025-12-17T14:07:49","modified_gmt":"2025-12-17T13:07:49","slug":"bergwandern","status":"publish","type":"page","link":"https:\/\/www.rg16.at\/index.php\/zusatzangebote\/sport\/bergwandern\/","title":{"rendered":"Bergwandern"},"content":{"rendered":"<p><img decoding=\"async\" loading=\"lazy\" class=\"alignnone size-large wp-image-8228\" src=\"https:\/\/www.rg16.at\/wp-content\/uploads\/2018\/09\/bergwandern-1024x325.jpg\" alt=\"\" width=\"700\" height=\"222\" srcset=\"https:\/\/www.rg16.at\/wp-content\/uploads\/2018\/09\/bergwandern.jpg 1024w, https:\/\/www.rg16.at\/wp-content\/uploads\/2018\/09\/bergwandern-300x95.jpg 300w, https:\/\/www.rg16.at\/wp-content\/uploads\/2018\/09\/bergwandern-768x244.jpg 768w\" sizes=\"(max-width: 700px) 100vw, 700px\" \/><\/p>\n<div id=\"main\" class=\"one-sidebar\">\n<div id=\"content\" class=\"site-content\">\n<article id=\"post-10\" class=\"post-10 page type-page status-publish hentry\">\n<header class=\"page-entry-header\">\n<h2 class=\"entry-title\">Information<\/h2>\n<\/header>\n<div class=\"single-entry-content\">Mit kurzen Unterbrechungen wird diese seit dem Schuljahr 2003\/04 am BRG16 angeboten. Wir freuen uns, gemeinsam mit euch die Berge zu entdecken. Packt eure Wanderschuhe ein und seid dabei \u2013 Natur, Bewegung und Spa\u00df warten auf euch!<\/p>\n<p style=\"padding-left: 40px;\">\u201eWenn wir dazu bestimmt w\u00e4ren, an einem Ort zu bleiben, h\u00e4tten wir Wurzeln statt F\u00fc\u00dfe.\u201c<br \/>\n&#8211; Rachel Wolchin<\/p>\n<h2>Die Idee<\/h2>\n<p>Wandern liegt im Trend, denn das Bewegen in der Natur mit einer Gruppe wirkt sich positiv auf Gesundheit, Wohlbefinden und Gruppenklima aus. Wir lernen uns dabei gegenseitig und uns selbst besser kennen! Wir genie\u00dfen die gemeinsame Zeit in der Natur, tanken Kraft und lernen aufeinander R\u00fccksicht zu nehmen. Au\u00dferdem versuchen wir euch grundlegende Techniken und spannendes Wissen \u00fcber die Berge vor unserer Haust\u00fcr zu vermitteln. Dabei steht aber immer die Freude an der Bewegung und der Spa\u00df an gemeinsamen Unternehmungen im Mittelpunkt.<\/p>\n<h2>Der Ablauf<\/h2>\n<p>Die Unverbindliche \u00dcbung Bergwandern findet geblockt statt. Im Lauf des Schuljahres sind halbt\u00e4gige- und ganzt\u00e4gige Ausfl\u00fcge freitags nachmittags und samstags geplant. Diese finden im Raum Wien und Nieder\u00f6sterreich statt, so dass die Fahrtkosten durch das Top-Jugendticket bereits abgedeckt sind. Au\u00dferdem ist die gemeinsame Bewirtschaftung und \u00dcbernachtung auf der Teufelssteinh\u00fctte s\u00fcdwestlich von Wien geplant.<\/p>\n<h2>Erforderliche Ausr\u00fcstung<\/h2>\n<p>Rucksack, Wanderschuhe oder Sportschuhe mit gutem Profil und Regenjacke; au\u00dferdem wird eine Zeckenschutzimpfung dringend empfohlen!<br \/>\nInformationen zu den einzelnen Ausfl\u00fcgen werden immer zeitgerecht in unsere Teams-Gruppe und \u00fcber die Infotafel neben dem Konferenzzimmer bekanntgegeben.<br \/>\nAuf gro\u00dfartige Erlebnisse freut sich,<\/p>\n<p>das Bergwanderteam<br \/>\n(Prof. Pfl\u00fcgler &amp; Prof. Zink)<\/p>\n\n\t\t<div id='gallery-1' class='gallery galleryid-2121 gallery-columns-3 gallery-size-thumbnail gallery1'><script type=\"text\/javascript\">\r\n\/\/ <![CDATA[\r\n\tjQuery(document).ready(function () {\r\n\t\tjQuery(\".gallery1 a\").attr(\"rel\",\"gallery1\");\t\r\n\t\tjQuery('a[rel=\"gallery1\"]').colorbox({maxWidth:\"95%\", maxHeight:\"95%\",title: function(){ return jQuery(this).children().attr(\"alt\"); }, });\r\n\t});\r\n\/\/ ]]>\r\n<\/script>\n<dl class=\"gallery-item\">\n<dt class=\"gallery-icon\">\r\n<a href=\"https:\/\/www.rg16.at\/wp-content\/uploads\/2025\/12\/Bergwandern_Schoepfl_2025_-19.jpg\" title=\"\" rel=\"gallery1\"><img src=\"https:\/\/www.rg16.at\/wp-content\/uploads\/2025\/12\/Bergwandern_Schoepfl_2025_-19-150x150.jpg\" width=\"150\" height=\"150\" alt=\"\" \/><\/a>\r\n<\/dt><\/dl><dl class=\"gallery-item\">\n<dt class=\"gallery-icon\">\r\n<a href=\"https:\/\/www.rg16.at\/wp-content\/uploads\/2025\/12\/L1270048.jpg\" title=\"\" rel=\"gallery1\"><img src=\"https:\/\/www.rg16.at\/wp-content\/uploads\/2025\/12\/L1270048-150x150.jpg\" width=\"150\" height=\"150\" alt=\"\" \/><\/a>\r\n<\/dt><\/dl><dl class=\"gallery-item\">\n<dt class=\"gallery-icon\">\r\n<a href=\"https:\/\/www.rg16.at\/wp-content\/uploads\/2025\/12\/L1270028.jpg\" title=\"\" rel=\"gallery1\"><img src=\"https:\/\/www.rg16.at\/wp-content\/uploads\/2025\/12\/L1270028-150x150.jpg\" width=\"150\" height=\"150\" alt=\"\" \/><\/a>\r\n<\/dt><\/dl><br style=\"clear: both\" \/><dl class=\"gallery-item\">\n<dt class=\"gallery-icon\">\r\n<a href=\"https:\/\/www.rg16.at\/wp-content\/uploads\/2025\/12\/L1270044.jpg\" title=\"\" rel=\"gallery1\"><img src=\"https:\/\/www.rg16.at\/wp-content\/uploads\/2025\/12\/L1270044-150x150.jpg\" width=\"150\" height=\"150\" alt=\"\" \/><\/a>\r\n<\/dt><\/dl><dl class=\"gallery-item\">\n<dt class=\"gallery-icon\">\r\n<a href=\"https:\/\/www.rg16.at\/wp-content\/uploads\/2025\/12\/Bergwandern_Schoepfl_2025_-11.jpg\" title=\"\" rel=\"gallery1\"><img src=\"https:\/\/www.rg16.at\/wp-content\/uploads\/2025\/12\/Bergwandern_Schoepfl_2025_-11-150x150.jpg\" width=\"150\" height=\"150\" alt=\"\" \/><\/a>\r\n<\/dt><\/dl>\r\n\t\t\t<br style='clear: both' \/>\r\n\t\t<\/div>\n\n<\/div>\n<\/article>\n<\/div>\n<\/div>\n","protected":false},"excerpt":{"rendered":"<p>Information Mit kurzen Unterbrechungen wird diese seit dem Schuljahr 2003\/04 am BRG16 angeboten. Wir freuen uns, gemeinsam mit euch die Berge zu entdecken. Packt eure Wanderschuhe ein und seid dabei \u2013 Natur, Bewegung und Spa\u00df warten auf euch! \u201eWenn wir<\/p>\n","protected":false},"author":41,"featured_media":0,"parent":102,"menu_order":0,"comment_status":"closed","ping_status":"closed","template":"","meta":[],"tags":[316,171],"_links":{"self":[{"href":"https:\/\/www.rg16.at\/index.php\/wp-json\/wp\/v2\/pages\/2121"}],"collection":[{"href":"https:\/\/www.rg16.at\/index.php\/wp-json\/wp\/v2\/pages"}],"about":[{"href":"https:\/\/www.rg16.at\/index.php\/wp-json\/wp\/v2\/types\/page"}],"author":[{"embeddable":true,"href":"https:\/\/www.rg16.at\/index.php\/wp-json\/wp\/v2\/users\/41"}],"replies":[{"embeddable":true,"href":"https:\/\/www.rg16.at\/index.php\/wp-json\/wp\/v2\/comments?post=2121"}],"version-history":[{"count":20,"href":"https:\/\/www.rg16.at\/index.php\/wp-json\/wp\/v2\/pages\/2121\/revisions"}],"predecessor-version":[{"id":16478,"href":"https:\/\/www.rg16.at\/index.php\/wp-json\/wp\/v2\/pages\/2121\/revisions\/16478"}],"up":[{"embeddable":true,"href":"https:\/\/www.rg16.at\/index.php\/wp-json\/wp\/v2\/pages\/102"}],"wp:attachment":[{"href":"https:\/\/www.rg16.at\/index.php\/wp-json\/wp\/v2\/media?parent=2121"}],"wp:term":[{"taxonomy":"post_tag","embeddable":true,"href":"https:\/\/www.rg16.at\/index.php\/wp-json\/wp\/v2\/tags?post=2121"}],"curies":[{"name":"wp","href":"https:\/\/api.w.org\/{rel}","templated":true}]}}