{"id":16482,"date":"2025-12-18T16:33:37","date_gmt":"2025-12-18T15:33:37","guid":{"rendered":"https:\/\/www.rg16.at\/?page_id=16482"},"modified":"2025-12-18T16:33:37","modified_gmt":"2025-12-18T15:33:37","slug":"kinder-und-jugendschutzkonzept-am-brg16-schuhmeierplatz","status":"publish","type":"page","link":"https:\/\/www.rg16.at\/index.php\/kinder-und-jugendschutzkonzept-am-brg16-schuhmeierplatz\/","title":{"rendered":"Kinder- und Jugendschutzkonzept am BRG16 Schuhmeierplatz"},"content":{"rendered":"<p>Ein Kinder- und Jugendschutzkonzept ist ein verpflichtender Leitfaden, den jede Schule zu erstellen hat, um einerseits die k\u00f6rperliche und seelische Unversehrtheit von Kindern und Jugendlichen zu sichern und sie vor Gewalt zu sch\u00fctzen und andererseits um die Lehrpersonen und das ganze Personal, das im Schulgeb\u00e4ude<br \/>\narbeitet auch f\u00fcr das Thema zu sensibilisieren. Kurz: Um die Institution Schule zu einem m\u00f6glichst gesch\u00fctzten und sicheren Ort zu machen.<br \/>\nAn der Erarbeitung des Konzepts war wesentlich das Kinderschutzteam beteiligt, mit Unterst\u00fctzung aus der Elternvertretung, der Sch\u00fcler:innenvertretung und der<br \/>\nSchul\u00e4rztin.<br \/>\nDas Kinderschutzteam aktuell wird gebildet von Frau Prof. Intzes Cristina und Herrn Prof. Baumgartner Alexander.<br \/>\nDas Konzept wird in regelm\u00e4\u00dfigen Abst\u00e4nden durchleuchtet und angepasst.<\/p>\n<p>Es umfasst:<\/p>\n<ul>\n<li>Eine Bestands- und Risikoanalyse am Schulstandort<\/li>\n<li>pr\u00e4ventive Ma\u00dfnahmen<\/li>\n<li>Verhaltensregeln f\u00fcr das Personal<\/li>\n<li>\u00dcbersicht der Anlaufstellen am Schulstandort<\/li>\n<li>klare Abl\u00e4ufe bei Verdachtsf\u00e4llen\u00b8 Meldepflicht und der Einholung von fachlicher Unterst\u00fctzung\/ Ablaufschema im Verdachtsfall<\/li>\n<li>Verhaltenscodex<\/li>\n<\/ul>\n<p>In allen Klassenzimmern und in einem Schaukasten im ersten Stock sind die Kontaktm\u00f6glichkeiten f\u00fcr Sch\u00fcler:innen ersichtlich, wohin sie sich wenden k\u00f6nnen, wenn sie Hilfe brauchen. Alle Klassensprecher:innen werden in einer Besprechung \u00fcber ihre Rechte und Pflichten informiert. J\u00e4hrlich gibt es unter Sch\u00fcler:innen eine<br \/>\nonline-Befragung zum Thema \u201eGewaltvorkommen und Unterst\u00fctzungsm\u00f6glichkeiten\u201c. Die Ergebnisse flie\u00dfen in die Neubewertung mit ein.<\/p>\n<p>Beispielhafte Ma\u00dfnahmen im Bereich Kinder- und Jugendschutz:<\/p>\n<ul>\n<li>Workshops zur Pers\u00f6nlichkeitsst\u00e4rkung<\/li>\n<li>Workshops zur Mobbingpr\u00e4vention<\/li>\n<li>Workshops mit der Gr\u00e4tzelpolizei<\/li>\n<li>Montage von Glast\u00fcren bei Besprechungsr\u00e4umen<\/li>\n<li>R\u00e4umliche Ma\u00dfnahmen<\/li>\n<li>Montage einer \u201eHilfe macht Schule \u2013 Vitrine\u201c<\/li>\n<\/ul>\n<p>Wien, im Dezember 2025<\/p>\n<p>Das Kinderschutzteam<\/p>\n","protected":false},"excerpt":{"rendered":"<p>Ein Kinder- und Jugendschutzkonzept ist ein verpflichtender Leitfaden, den jede Schule zu erstellen hat, um einerseits die k\u00f6rperliche und seelische Unversehrtheit von Kindern und Jugendlichen zu sichern und sie vor Gewalt zu sch\u00fctzen und andererseits um die Lehrpersonen und das<\/p>\n","protected":false},"author":27,"featured_media":0,"parent":0,"menu_order":0,"comment_status":"closed","ping_status":"closed","template":"","meta":[],"tags":[],"_links":{"self":[{"href":"https:\/\/www.rg16.at\/index.php\/wp-json\/wp\/v2\/pages\/16482"}],"collection":[{"href":"https:\/\/www.rg16.at\/index.php\/wp-json\/wp\/v2\/pages"}],"about":[{"href":"https:\/\/www.rg16.at\/index.php\/wp-json\/wp\/v2\/types\/page"}],"author":[{"embeddable":true,"href":"https:\/\/www.rg16.at\/index.php\/wp-json\/wp\/v2\/users\/27"}],"replies":[{"embeddable":true,"href":"https:\/\/www.rg16.at\/index.php\/wp-json\/wp\/v2\/comments?post=16482"}],"version-history":[{"count":1,"href":"https:\/\/www.rg16.at\/index.php\/wp-json\/wp\/v2\/pages\/16482\/revisions"}],"predecessor-version":[{"id":16483,"href":"https:\/\/www.rg16.at\/index.php\/wp-json\/wp\/v2\/pages\/16482\/revisions\/16483"}],"wp:attachment":[{"href":"https:\/\/www.rg16.at\/index.php\/wp-json\/wp\/v2\/media?parent=16482"}],"wp:term":[{"taxonomy":"post_tag","embeddable":true,"href":"https:\/\/www.rg16.at\/index.php\/wp-json\/wp\/v2\/tags?post=16482"}],"curies":[{"name":"wp","href":"https:\/\/api.w.org\/{rel}","templated":true}]}}